{"id":353,"date":"2011-01-29T00:01:38","date_gmt":"2011-01-28T23:01:38","guid":{"rendered":"http:\/\/ilka-moderatorin.de\/?page_id=353"},"modified":"2025-02-17T18:35:36","modified_gmt":"2025-02-17T17:35:36","slug":"moderationaushamburg","status":"publish","type":"page","link":"https:\/\/www.ilkagroenewold.de\/en\/moderationaushamburg\/","title":{"rendered":"Imprint"},"content":{"rendered":"<div class=\"wpb-content-wrapper\"><p>[vc_row css_animation=&#8221;&#8221; row_type=&#8221;row&#8221; use_row_as_full_screen_section=&#8221;no&#8221; type=&#8221;grid&#8221; angled_section=&#8221;no&#8221; text_align=&#8221;left&#8221; background_image_as_pattern=&#8221;without_pattern&#8221; css=&#8221;.vc_custom_1613494748791{margin-bottom: 20px !important;padding-top: 10px !important;padding-right: 32px !important;padding-left: 32px !important;}&#8221; z_index=&#8221;&#8221;][vc_column css_animation=&#8221;bounceInRight&#8221; width=&#8221;1\/2&#8243; css=&#8221;.vc_custom_1613494729317{padding-top: 32px !important;padding-right: 32px !important;padding-left: 32px !important;}&#8221;][vc_single_image image=&#8221;28520&#8243; img_size=&#8221;900&#215;700&#8243; css=&#8221;&#8221; qode_css_animation=&#8221;&#8221;][\/vc_column][vc_column css_animation=&#8221;bounceInLeft&#8221; width=&#8221;1\/4&#8243; css=&#8221;.vc_custom_1613494720638{padding-top: 32px !important;padding-right: 32px !important;padding-bottom: 32px !important;padding-left: 32px !important;}&#8221;][vc_column_text css=&#8221;&#8221;]<\/p>\n<h2><span style=\"color: #b39a5d;\"><a style=\"color: #b39a5d;\">IMPRINT<\/a><\/span><\/h2>\n<p>Information according to \u00a7 5 TMG:<\/p>\n<p>&nbsp;<\/p>\n<p><span style=\"color: #283a45;\"><strong>IG Entertainment e.K.<\/strong><\/span><br \/>\nRepresented by: <span style=\"color: #283a45;\"><strong>Ilka Groenewold<\/strong><\/span><br \/>\nGro\u00dfe Ro\u00dfbergstra\u00dfe 3-6<br \/>\n26789 Leer\/Ostfriesland[\/vc_column_text][\/vc_column][vc_column css_animation=&#8221;bounceInLeft&#8221; width=&#8221;1\/4&#8243;][vc_column_text css=&#8221;.vc_custom_1739813734636{padding-top: 32px !important;padding-right: 10px !important;padding-bottom: 32px !important;padding-left: 10px !important;}&#8221;]<strong>Office Hamburg:<\/strong><\/p>\n<p>&nbsp;<\/p>\n<p><strong>Ilka Groenewold<br \/>\n<\/strong>Moderator<\/p>\n<p>Am Dalmannkai 16<br \/>\n20457 Hamburg<\/p>\n<p>Contact<br \/>\nTelefon: +49 15679 610510<br \/>\nMail:<span style=\"color: #b39a5d;\">&nbsp;<a style=\"color: #b39a5d;\" href=\"mailto:mail@ilkagroenewold.de\">mail@ilkagroenewold.de<\/a><\/span>&nbsp;[\/vc_column_text][\/vc_column][\/vc_row][vc_row css_animation=&#8221;&#8221; row_type=&#8221;row&#8221; use_row_as_full_screen_section=&#8221;no&#8221; type=&#8221;full_width&#8221; angled_section=&#8221;no&#8221; text_align=&#8221;left&#8221; background_image_as_pattern=&#8221;without_pattern&#8221; css=&#8221;.vc_custom_1721394290323{padding-top: 10px !important;padding-bottom: 10px !important;background-color: #283a45 !important;}&#8221; z_index=&#8221;&#8221;][vc_column width=&#8221;1\/2&#8243; css=&#8221;.vc_custom_1721394359134{padding-top: 32px !important;padding-right: 32px !important;padding-bottom: 32px !important;padding-left: 32px !important;}&#8221;][vc_column_text css=&#8221;&#8221;]<\/p>\n<h2 style=\"text-align: center;\"><span style=\"color: #ffffff;\">TO THE ROUTE PLANNER<\/span><\/h2>\n<p>[\/vc_column_text][\/vc_column][vc_column width=&#8221;1\/2&#8243; css=&#8221;.vc_custom_1721394350841{padding-top: 32px !important;padding-right: 32px !important;padding-bottom: 32px !important;padding-left: 32px !important;}&#8221;]<a  itemprop=\"url\" href=\"https:\/\/www.google.com\/maps\/dir\/53.5933342,10.0347565\/Ilka+Groenewold+I+Moderatorin+Event,+Gala,+Messe,+Award,+Hybridevent+und+TV\/@53.5689141,9.9396591,12z\/data=!3m1!4b1!4m9!4m8!1m1!4e1!1m5!1m1!1s0x47b18f01f4c6c621:0x3a25c8880cc05840!2m2!1d9.9946391!2d53.5415731?entry=ttu\" target=\"_self\"  class=\"qbutton  default\" style=\"\">EXTERNAL LINK TO GOOGLE MAPS<\/a>[\/vc_column][\/vc_row][vc_row css_animation=&#8221;&#8221; row_type=&#8221;row&#8221; use_row_as_full_screen_section=&#8221;no&#8221; type=&#8221;full_width&#8221; angled_section=&#8221;no&#8221; text_align=&#8221;left&#8221; background_image_as_pattern=&#8221;without_pattern&#8221; css=&#8221;.vc_custom_1613492618901{padding-top: 32px !important;padding-right: 32px !important;padding-bottom: 70px !important;padding-left: 32px !important;}&#8221; z_index=&#8221;&#8221;][vc_column css=&#8221;.vc_custom_1613492628975{padding-right: 20px !important;padding-bottom: 50px !important;padding-left: 20px !important;}&#8221;][vc_column_text css=&#8221;&#8221;]<\/p>\n<div class=\"page\" title=\"Page 1\">\n<div class=\"layoutArea\">\n<div class=\"column\">\n<p><strong>Value added tax<\/strong><\/p>\n<p>Sales tax identification number according to \u00a727 a Umsatzsteuergesetz: DE261429261<\/p>\n<p>Responsible for the content according to \u00a7 55 Abs. 2 RStV:<\/p>\n<p>Ilka Groenewold<br \/>\nGro\u00dfe Ro\u00dfbergstra\u00dfe 3-6<br \/>\n26789 Leer\/ Ostfriesland<\/p>\n<p>&nbsp;<\/p>\n<p><span style=\"color: #283a45;\"><strong>Dispute resolution<\/strong><\/span><\/p>\n<p>The European Commission provides a platform for online dispute resolution (OS):<a href=\"https:\/\/ec.europa.eu\/consumers\/odr.\"> https:\/\/ec.europa.eu\/consumers\/odr<\/a><br \/>\nYou can find our e-mail address in the imprint above.<\/p>\n<p>We are not willing or obliged to participate in dispute resolution proceedings before a consumer arbitration board.<\/p>\n<p>&nbsp;<\/p>\n<p><span style=\"color: #283a45;\"><strong>Liability for contents<\/strong><\/span><\/p>\n<p>As a service provider, we are responsible for our own content on these pages in accordance with the general laws pursuant to \u00a7 7 para. 1 TMG. However, according to \u00a7\u00a7 8 to 10 TMG, we are not obliged as a service provider to monitor transmitted or stored third-party information or to investigate circumstances that indicate illegal activity.<\/p>\n<p>Obligations to remove or block the use of information in accordance with general laws remain unaffected by this. However, liability in this regard is only possible from the point in time at which a concrete infringement of the law becomes known. If we become aware of any such infringements, we will remove the relevant content immediately.<\/p>\n<p>&nbsp;<\/p>\n<\/div>\n<\/div>\n<\/div>\n<div class=\"page\" title=\"Page 2\">\n<div class=\"layoutArea\">\n<div class=\"column\">\n<p><span style=\"color: #283a45;\"><strong>Liability for links<\/strong><\/span><\/p>\n<p>Our website contains links to external websites of third parties over whose content we have no influence. Therefore, we cannot assume any liability for these external contents. The respective provider or operator of the pages is always responsible for the content of the linked pages. The linked pages were checked for possible legal violations at the time of linking. Illegal contents were not recognisable at the time of linking.<\/p>\n<p>However, permanent monitoring of the content of the linked pages is not reasonable without concrete indications of a legal violation. If we become aware of any infringements of the law, we will remove such links immediately.<\/p>\n<p>&nbsp;<\/p>\n<p><span style=\"color: #283a45;\"><strong>Copyright<\/strong><\/span><\/p>\n<p>The contents and works created by the site operators on these pages are subject to German copyright law. Duplication, processing, distribution, or any form of commercialization of such material beyond the scope of the copyright law shall require the prior written consent of its respective author or creator. Downloads and copies of this site are only permitted for private, non-commercial use.<\/p>\n<p>Insofar as the content on this site was not created by the operator, the copyrights of third parties are respected. In particular, third-party content is marked as such. Should you nevertheless become aware of a copyright infringement, please inform us accordingly. If we become aware of any infringements, we will remove such content immediately.<\/p>\n<\/div>\n<\/div>\n<\/div>\n<p>[\/vc_column_text][\/vc_column][\/vc_row][vc_row css_animation=&#8221;&#8221; row_type=&#8221;row&#8221; use_row_as_full_screen_section=&#8221;no&#8221; type=&#8221;full_width&#8221; angled_section=&#8221;yes&#8221; angled_section_position=&#8221;both&#8221; angled_section_direction=&#8221;from_left_to_right&#8221; text_align=&#8221;left&#8221; background_image_as_pattern=&#8221;without_pattern&#8221; css=&#8221;.vc_custom_1613490747920{padding-top: 40px !important;background-color: #283a45 !important;}&#8221; z_index=&#8221;&#8221; background_color=&#8221;#283a45&#8243;][vc_column css=&#8221;.vc_custom_1509473982800{padding-right: 32px !important;padding-left: 32px !important;}&#8221;][vc_column_text css=&#8221;.vc_custom_1613490958793{padding-bottom: 42px !important;}&#8221;][\/vc_column_text][\/vc_column][vc_column css=&#8221;.vc_custom_1613491021820{background-color: #b39a5d !important;}&#8221;][vc_column_text css=&#8221;.vc_custom_1721722104601{padding-right: 32px !important;padding-bottom: 20px !important;padding-left: 32px !important;}&#8221;]<\/p>\n<p style=\"text-align: center;\"><a style=\"color: #000000;\" title=\"Eventmoderation Eventmoderatorin Moderatorin Event Hamburg Berlin Hannover\" href=\"https:\/\/www.ilkagroenewold.de\/moderationdigitalisierungmoderatorbuchen\/\" target=\"_blank\" rel=\"noopener noreferrer\">Events<\/a>&nbsp;&#8211;&nbsp;<a style=\"color: #000000;\" title=\"Eventmoderatorin\" href=\"https:\/\/www.ilkagroenewold.de\/event-moderator-ilka-groenewold-event-moderatorin\/\" target=\"_blank\" rel=\"noopener noreferrer\">Event Moderator<\/a>&nbsp;I&nbsp;<span style=\"color: #000000;\"><a style=\"color: #000000;\" title=\"Galamoderatorin Moderation Gala Moderatorin Moderator fuer Gala buchen Hamburg\" href=\"https:\/\/www.ilkagroenewold.de\/galamoderator-galamoderatorin-moderatorinfuergala\/\" target=\"_blank\" rel=\"noopener noreferrer\">Gala Moderator<\/a> I&nbsp;<\/span><span style=\"color: #000000;\"><a style=\"color: #000000;\" title=\"Messemoderatorin Messemoderation Hannover Messe Koeln Berlin Moderator fuer Messe buchen\" href=\"https:\/\/www.ilkagroenewold.de\/referenzen\/veranstaltungen\/messe-moderation-messe-moderatorin\/\" target=\"_blank\" rel=\"noopener noreferrer\">Trade Fair Moderator<\/a>&nbsp;I&nbsp;<\/span><span style=\"color: #000000;\"><a style=\"color: #000000;\" title=\"TV-Moderatorin Reporter gesucht Moderatorin buchen\" href=\"https:\/\/www.ilkagroenewold.de\/moderator-buchen-tv-moderatorin-imagefilm-reporterin-ilka-groenewold\/\" target=\"_blank\" rel=\"noopener noreferrer\">TV-Moderator<\/a><\/span><\/p>\n<p style=\"text-align: center;\"><a title=\"Hamburg Moderation Hamburger Moderator Moderatorin aus Hamburg Moderatorin in Hamburg buchen Event Messe Gala Kongress und TV\" href=\"https:\/\/www.ilkagroenewold.de\/moderatorin-hamburg-moderation\/\" target=\"_blank\" rel=\"noopener noreferrer\">Hamburg<\/a> &#8211; <a title=\"Stuttgart Moderation Stuttgarter Moderator Moderatorin aus Stuttgart Moderatorin in Stuttgart buchen Event Messe Gala Kongress und TV\" href=\"https:\/\/www.ilkagroenewold.de\/moderatorin-stuttgart-moderation\/\" target=\"_blank\" rel=\"noopener noreferrer\">Stuttgart<\/a> &#8211; <a title=\"Dresden Eventmoderation Dresden Eventmoderatorin Dresden Messe Moderation Dresdner Moderatorin Awardverleihung Galamoderation Dresden\" href=\"https:\/\/www.ilkagroenewold.de\/moderatorin-dresden-moderation\/\" target=\"_blank\" rel=\"noopener noreferrer\">Dresden<\/a> &#8211; <a title=\"Leipziger Eventmoderatorin Moderatorin Leipzig Moderation Event Messe Gala Kongress Konferenz Award Podiumsdiskussion in Leipzig moderieren, Leipzig Moderatorin\" href=\"https:\/\/www.ilkagroenewold.de\/moderatorin-leipzig-moderation\/\" target=\"_blank\" rel=\"noopener noreferrer\">Leipzig<\/a> &#8211; <a title=\"N\u00fcrnberger Eventmoderatorin Moderatorin N\u00fcrnberg Event Messe in N\u00fcrnberg moderieren N\u00fcrnberger Moderation\" href=\"https:\/\/www.ilkagroenewold.de\/moderatorin-nuernberg-moderation\/\" target=\"_blank\" rel=\"noopener noreferrer\">Nuremberg<\/a> &#8211; <a title=\"Bremer Eventmoderation Bremer Eventmoderatorin Moderatorin Bremen Galamoderatorin Bremen Messemoderatorin Bremen Awardmoderatorin Bremen Podiumsdiskussion Pressekonferenz Bremen - Moderator Bremen buchen\" href=\"https:\/\/www.ilkagroenewold.de\/moderatorin-bremen-moderation\/\" target=\"_blank\" rel=\"noopener noreferrer\">Bremen<\/a> &#8211; <a title=\"Moderatorin D\u00fcsseldorf - D\u00fcsseldorfer Eventmoderation D\u00fcsseldorfer Eventmoderatorin - Veranstaltung D\u00fcsseldorf moderieren - Moderatorin D\u00fcsseldorf Event Messe Gala Award Kongress Summit Konferenz Podiumsdiskussion\" href=\"https:\/\/www.ilkagroenewold.de\/moderatorin-duesseldorf-moderation\/\" target=\"_blank\" rel=\"noopener noreferrer\">Dusseldorf<\/a> &#8211;&nbsp; <a title=\"Berlin Moderation Berliner Moderator Moderatorin aus Berlin Moderatorin in Berlin buchen Event Messe Gala Kongress und TV\" href=\"https:\/\/www.ilkagroenewold.de\/moderatorin-berlin-moderatorin\/\" target=\"_blank\" rel=\"noopener noreferrer\">Berlin<\/a> &#8211;&nbsp;<a title=\"M\u00fcnchen Moderation M\u00fcnchner Moderator Moderatorin aus M\u00fcnchen Moderatorin in M\u00fcnchen buchen Event Messe Gala Kongress und TV\" href=\"https:\/\/www.ilkagroenewold.de\/moderatorin-muenchen-moderation\/\" target=\"_blank\" rel=\"noopener noreferrer\">Munich<\/a> &#8211; <a title=\"K\u00f6ln Moderation K\u00f6lner Moderator Moderatorin aus K\u00f6ln Moderatorin in K\u00f6ln buchen Event Messe Gala K\u00f6ln Kongress und TV\" href=\"https:\/\/www.ilkagroenewold.de\/moderatorin-koeln-moderation\/\" target=\"_blank\" rel=\"noopener noreferrer\">Cologne<\/a>&nbsp;&#8211; <a title=\"Frankfurt Moderation Frankfurter Moderator Moderatorin aus Frankfurt Moderatorin in Frankfurt buchen Event Messe Gala Kongress und TV\" href=\"https:\/\/www.ilkagroenewold.de\/moderatorin-frankfurt-moderation\/\" target=\"_blank\" rel=\"noopener noreferrer\">Frankfurt<\/a> &#8211; <a title=\"Hannover Moderation Hannoveraner Moderator Moderatorin aus Hannover Moderatorin in Hannover buchen Event Messe Gala Kongress und TV\" href=\"https:\/\/www.ilkagroenewold.de\/moderatorin-hannover-moderation\/\" target=\"_blank\" rel=\"noopener noreferrer\">Hanover<\/a><\/p>\n<p>[\/vc_column_text][\/vc_column][\/vc_row]<\/p>\n<\/div>","protected":false},"excerpt":{"rendered":"<p>[vc_row css_animation=&#8221;&#8221; row_type=&#8221;row&#8221; use_row_as_full_screen_section=&#8221;no&#8221; type=&#8221;grid&#8221; angled_section=&#8221;no&#8221; text_align=&#8221;left&#8221; background_image_as_pattern=&#8221;without_pattern&#8221; css=&#8221;.vc_custom_1613494748791{margin-bottom: 20px !important;padding-top: 10px !important;padding-right: 32px !important;padding-left: 32px !important;}&#8221; z_index=&#8221;&#8221;][vc_column css_animation=&#8221;bounceInRight&#8221; width=&#8221;1\/2&#8243; css=&#8221;.vc_custom_1613494729317{padding-top: 32px !important;padding-right: 32px !important;padding-left: 32px !important;}&#8221;][vc_single_image image=&#8221;28520&#8243; img_size=&#8221;900&#215;700&#8243; css=&#8221;&#8221; qode_css_animation=&#8221;&#8221;][\/vc_column][vc_column css_animation=&#8221;bounceInLeft&#8221; width=&#8221;1\/4&#8243; css=&#8221;.vc_custom_1613494720638{padding-top: 32px !important;padding-right: 32px !important;padding-bottom: 32px !important;padding-left: 32px !important;}&#8221;][vc_column_text css=&#8221;&#8221;] IMPRINT Information&#8230;<\/p>\n","protected":false},"author":1,"featured_media":0,"parent":0,"menu_order":0,"comment_status":"open","ping_status":"open","template":"full_width.php","meta":{"ngg_post_thumbnail":0,"footnotes":""},"class_list":["post-353","page","type-page","status-publish","hentry"],"_links":{"self":[{"href":"https:\/\/www.ilkagroenewold.de\/en\/wp-json\/wp\/v2\/pages\/353","targetHints":{"allow":["GET"]}}],"collection":[{"href":"https:\/\/www.ilkagroenewold.de\/en\/wp-json\/wp\/v2\/pages"}],"about":[{"href":"https:\/\/www.ilkagroenewold.de\/en\/wp-json\/wp\/v2\/types\/page"}],"author":[{"embeddable":true,"href":"https:\/\/www.ilkagroenewold.de\/en\/wp-json\/wp\/v2\/users\/1"}],"replies":[{"embeddable":true,"href":"https:\/\/www.ilkagroenewold.de\/en\/wp-json\/wp\/v2\/comments?post=353"}],"version-history":[{"count":12,"href":"https:\/\/www.ilkagroenewold.de\/en\/wp-json\/wp\/v2\/pages\/353\/revisions"}],"predecessor-version":[{"id":30962,"href":"https:\/\/www.ilkagroenewold.de\/en\/wp-json\/wp\/v2\/pages\/353\/revisions\/30962"}],"wp:attachment":[{"href":"https:\/\/www.ilkagroenewold.de\/en\/wp-json\/wp\/v2\/media?parent=353"}],"curies":[{"name":"wp","href":"https:\/\/api.w.org\/{rel}","templated":true}]}}