{"id":332,"date":"2011-01-28T23:58:58","date_gmt":"2011-01-28T22:58:58","guid":{"rendered":"http:\/\/ilka-moderatorin.de\/?page_id=332"},"modified":"2024-07-23T00:17:44","modified_gmt":"2024-07-22T22:17:44","slug":"references","status":"publish","type":"page","link":"https:\/\/www.ilkagroenewold.de\/en\/references\/","title":{"rendered":"References"},"content":{"rendered":"<div class=\"wpb-content-wrapper\"><p>[vc_row css_animation=&#8221;&#8221; row_type=&#8221;row&#8221; use_row_as_full_screen_section=&#8221;no&#8221; type=&#8221;full_width&#8221; angled_section=&#8221;no&#8221; text_align=&#8221;left&#8221; background_image_as_pattern=&#8221;without_pattern&#8221; css=&#8221;.vc_custom_1509520939505{padding-top: 20px !important;padding-right: 32px !important;padding-left: 32px !important;background-color: #ffffff !important;}&#8221;][vc_column][vc_column_text]Here you will find a selection of references of the <a title=\"\u201eTV-Moderatorin\" href=\"https:\/\/www.ilkagroenewold.de\/\" target=\"_blank\" rel=\"noopener noreferrer\"><strong>moderator<\/strong><\/a> or Ilka Groenewold. More than 19 years of experience and many enthusiastic clients speak for themselves. The complete <span style=\"color: #0b6466;\"><a style=\"color: #0b6466;\" title=\"Referenzen der Moderatorin fuer Messe Gala Kongress Podiumsdiskussion Event Award Konferenz TV\" href=\"https:\/\/www.ilkagroenewold.de\/referenzen\/veranstaltungen\/\" target=\"_blank\" rel=\"noopener noreferrer\"><span style=\"color: #283a45;\">list of references<\/span><\/a><\/span>&nbsp;is also available. Do not hesitate to contact me. I look forward to your enquiries![\/vc_column_text][\/vc_column][\/vc_row][vc_row css_animation=&#8221;&#8221; row_type=&#8221;row&#8221; use_row_as_full_screen_section=&#8221;no&#8221; type=&#8221;grid&#8221; angled_section=&#8221;no&#8221; text_align=&#8221;left&#8221; background_image_as_pattern=&#8221;without_pattern&#8221; css=&#8221;.vc_custom_1509049504330{padding-right: 32px !important;padding-left: 32px !important;}&#8221;][vc_column css=&#8221;.vc_custom_1421217134708{margin-top: 15px !important;margin-right: 15px !important;margin-bottom: 15px !important;margin-left: 15px !important;}&#8221;][vc_row_inner row_type=&#8221;row&#8221; type=&#8221;full_width&#8221; text_align=&#8221;left&#8221; css_animation=&#8221;&#8221; css=&#8221;.vc_custom_1530975376543{margin-top: 15px !important;margin-right: 10px !important;margin-bottom: 15px !important;margin-left: 10px !important;}&#8221;][vc_column_inner css=&#8221;.vc_custom_1421218399200{margin-bottom: 20px !important;}&#8221;][vc_separator type=&#8221;normal&#8221;][\/vc_column_inner][\/vc_row_inner][vc_column_text css=&#8221;.vc_custom_1641572008757{margin-top: 10px !important;margin-bottom: 32px !important;}&#8221;]<\/p>\n<h2>Event moderation (selection)<\/h2>\n<p>[\/vc_column_text][vc_gallery type=&#8221;image_grid&#8221; images=&#8221;10911,10794,13398,16520,18997,10795,19183,21137,10796,10797,10798,10799,10800,10801,17171,10802,13399,14273,19069,10803,10804,10805,10806,10807,16848,13400,21035,10808,19294,19120,10810,10811,10812,16835,10813,17132,21008,14657,10814,16511,16522,14340,10816,23360,23435,19109,10817,14694,19221,17671,10819,10820,10821,20057,13401,14392,10823,10824,10818,10825,10826,19057,21042,10827,23491,21228,10829,19032,10908,10830,16543,16528,16530,18829,10832,10833,16717,20596,18983,19296,19430,16722,14872,10834,21148,20556,10835,10836,17341,10837,16757,20716,10838,19437,10839,10840,11648,19027,10841,10842,10843,10844,20598,10845,10846,10893,10847,23767,11649,10848,10849,10850,13403,16532,16724,10851,21096,10852,13405,10853,14942,10854,10855,10856,10857,10858,14695,10859,17266,16850,10860,10861,10862,10863,23459,10864,19243,17673,17713,19185,23502,18988,16536,13404,23321,10866,10867,22966,16712,10868,23785,21152,23365,10869,10870,10871,17334,10872,10873,23438,17282,13406,16761,19278,10909,19206,16726,17129,18993,10874,17969,19230,10875,10900,10877,10878,10879,19106,20642,10880,10881,21231,10882,13407,10883,10884,17660,16735,10885,10886,10887,14878,10888,10889,17268,10890,14488,16731,16335,10891,16714,14267,16737,21154,17675&#8243; img_size=&#8221;130&#215;89&#8243; onclick=&#8221;&#8221; column_number=&#8221;5&#8243; grayscale=&#8221;no&#8221; images_space=&#8221;gallery_without_space&#8221;][vc_row_inner row_type=&#8221;row&#8221; type=&#8221;full_width&#8221; text_align=&#8221;left&#8221; css_animation=&#8221;&#8221;][vc_column_inner css=&#8221;.vc_custom_1421219895926{margin-top: 32px !important;margin-bottom: 10px !important;}&#8221;][vc_separator type=&#8221;normal&#8221;][\/vc_column_inner][\/vc_row_inner][\/vc_column][vc_column][vc_row_inner row_type=&#8221;row&#8221; type=&#8221;grid&#8221; text_align=&#8221;left&#8221; css_animation=&#8221;&#8221; css=&#8221;.vc_custom_1421217777435{margin-top: 15px !important;margin-right: 10px !important;margin-bottom: 15px !important;margin-left: 10px !important;}&#8221;][vc_column_inner][vc_column_text css=&#8221;.vc_custom_1641572027513{margin-bottom: 32px !important;}&#8221;]<\/p>\n<h2>Trade fair (selection)<\/h2>\n<p>[\/vc_column_text][vc_gallery type=&#8221;image_grid&#8221; images=&#8221;10639,10640,13630,10641,17126,10642,10643,10644,17271,10645,10646,10647,10648,17134,10649,19103,10650,10652,10651,10653,10654,10655,10656,10657,10658,10659,10660,10661,19087,10662,10663,10664,10665,10676,23432,10666,21234,13660,10668,10669,19052,10670,10671,22888,10672,10673,10674,10675,19005&#8243; img_size=&#8221;130&#215;89&#8243; onclick=&#8221;&#8221; column_number=&#8221;5&#8243; grayscale=&#8221;no&#8221; images_space=&#8221;gallery_without_space&#8221;][\/vc_column_inner][\/vc_row_inner][vc_row_inner row_type=&#8221;row&#8221; type=&#8221;full_width&#8221; text_align=&#8221;left&#8221; css_animation=&#8221;&#8221;][vc_column_inner][vc_separator type=&#8221;normal&#8221;][\/vc_column_inner][\/vc_row_inner][\/vc_column][\/vc_row][vc_row css_animation=&#8221;&#8221; row_type=&#8221;row&#8221; use_row_as_full_screen_section=&#8221;no&#8221; type=&#8221;grid&#8221; angled_section=&#8221;no&#8221; text_align=&#8221;left&#8221; background_image_as_pattern=&#8221;without_pattern&#8221; css=&#8221;.vc_custom_1530975682343{margin-top: 15px !important;margin-right: 20px !important;margin-bottom: 15px !important;margin-left: 20px !important;}&#8221; z_index=&#8221;&#8221;][vc_column css=&#8221;.vc_custom_1421218290164{margin-bottom: 32px !important;}&#8221;][vc_column_text css=&#8221;.vc_custom_1641572040313{padding-top: 20px !important;padding-bottom: 20px !important;}&#8221;]<\/p>\n<h2>TV (selection)<\/h2>\n<p>[\/vc_column_text][vc_gallery type=&#8221;image_grid&#8221; images=&#8221;14693,10680,10681,22875,10682,10683,10684,17071,13396,17044,23554,13815,19023,19409,13394,16768,10685,16514,10687,10688,10689,10690,20202,23415,16516,10692,23417,10693,23938,10694&#8243; img_size=&#8221;130&#215;89&#8243; onclick=&#8221;&#8221; column_number=&#8221;5&#8243; grayscale=&#8221;no&#8221; images_space=&#8221;gallery_without_space&#8221;][\/vc_column][\/vc_row][vc_row css_animation=&#8221;&#8221; row_type=&#8221;row&#8221; use_row_as_full_screen_section=&#8221;no&#8221; type=&#8221;grid&#8221; angled_section=&#8221;no&#8221; text_align=&#8221;left&#8221; background_image_as_pattern=&#8221;without_pattern&#8221; css=&#8221;.vc_custom_1530975682343{margin-top: 15px !important;margin-right: 20px !important;margin-bottom: 15px !important;margin-left: 20px !important;}&#8221; z_index=&#8221;&#8221;][vc_column css=&#8221;.vc_custom_1421218290164{margin-bottom: 32px !important;}&#8221;][vc_column_text css=&#8221;.vc_custom_1641572065884{padding-top: 20px !important;padding-bottom: 20px !important;}&#8221;]<\/p>\n<h2>Hybrid Events and Online Events (selection)<\/h2>\n<p>[\/vc_column_text][vc_gallery type=&#8221;image_grid&#8221; images=&#8221;22588,23262,22884,21137,23002,23145,23500,23226,23244,20057,23556,23775,21228,23558,20225,23474,20596,23272,20714,19898,23264,20598,21025,22879,23229,23274,23470,21096,22894,22962,23352,21340,21152,16726,23392,20202,22896,23324,23381,20642,21231,17268,20223,21154&#8243; img_size=&#8221;130&#215;89&#8243; onclick=&#8221;&#8221; column_number=&#8221;5&#8243; grayscale=&#8221;no&#8221; images_space=&#8221;gallery_without_space&#8221;][\/vc_column][\/vc_row][vc_row css_animation=&#8221;&#8221; row_type=&#8221;row&#8221; use_row_as_full_screen_section=&#8221;no&#8221; type=&#8221;full_width&#8221; angled_section=&#8221;no&#8221; text_align=&#8221;left&#8221; background_image_as_pattern=&#8221;without_pattern&#8221; css=&#8221;.vc_custom_1616255537515{padding-top: 32px !important;padding-bottom: 32px !important;background-color: #283a45 !important;}&#8221; z_index=&#8221;&#8221;][vc_column][vc_column_text css=&#8221;.vc_custom_1641572209370{padding-right: 32px !important;padding-left: 32px !important;}&#8221;]<\/p>\n<h3 style=\"text-align: center;\"><span style=\"color: #ffffff;\"><a style=\"color: #ffffff;\" title=\"Eventmoderator Eventmoderation Moderatorin fuer Event\" href=\"https:\/\/www.ilkagroenewold.de\/event-moderator-ilka-groenewold-event-moderatorin\/\" target=\"_blank\" rel=\"noopener noreferrer\">Event Moderator<\/a>&nbsp;I&nbsp;<a style=\"color: #ffffff;\" title=\"Galamoderator Galamoderatorin Moderator fuer Gala\" href=\"https:\/\/www.ilkagroenewold.de\/galamoderator-galamoderatorin-moderatorinfuergala\/\" target=\"_blank\" rel=\"noopener noreferrer\">Gala Moderator<\/a> I <a style=\"color: #ffffff;\" title=\"Messemoderator Messemoderatorin Moderatorin fuer Messe Hannover Messe Berlin Messe\" href=\"https:\/\/www.ilkagroenewold.de\/referenzen\/veranstaltungen\/messe-moderation-messe-moderatorin\/\" target=\"_blank\" rel=\"noopener noreferrer\">Trade Fair Moderator<\/a> I&nbsp;<a style=\"color: #ffffff;\" title=\"Moderatorin Kongress Konferenz buchen deutschlandweit\" href=\"https:\/\/www.ilkagroenewold.de\/kongress-moderator-ilka-groenewold\/\" target=\"_blank\" rel=\"noopener noreferrer\">Congress Moderator<\/a> I&nbsp;<a style=\"color: #ffffff;\" title=\"TV-Moderator Reporterin Host Hamburg Moderationen Moderatorin\" href=\"https:\/\/www.ilkagroenewold.de\/moderator-buchen-tv-moderatorin-imagefilm-reporterin-ilka-groenewold\/\" target=\"_blank\" rel=\"noopener noreferrer\">TV Moderator<\/a><\/span><\/h3>\n<p style=\"text-align: center;\"><span style=\"color: #ffffff;\"><a style=\"color: #ffffff;\" title=\"Hamburg Moderation Hamburger Moderator Moderatorin aus Hamburg Moderatorin in Hamburg buchen Event Messe Gala Kongress und TV\" href=\"https:\/\/www.ilkagroenewold.de\/moderatorin-hamburg-moderation\/\" target=\"_blank\" rel=\"noopener noreferrer\">Hamburg<\/a> &#8211; <a style=\"color: #ffffff;\" title=\"Stuttgart Moderation Stuttgarter Moderator Moderatorin aus Stuttgart Moderatorin in Stuttgart buchen Event Messe Gala Kongress und TV\" href=\"https:\/\/www.ilkagroenewold.de\/moderatorin-stuttgart-moderation\/\" target=\"_blank\" rel=\"noopener noreferrer\">Stuttgart<\/a> &#8211;&nbsp;<a style=\"color: #ffffff;\" title=\"Berlin Moderation Berliner Moderator Moderatorin aus Berlin Moderatorin in Berlin buchen Event Messe Gala Kongress und TV\" href=\"https:\/\/www.ilkagroenewold.de\/moderatorin-berlin-moderatorin\/\" target=\"_blank\" rel=\"noopener noreferrer\">Berlin<\/a> &#8211;&nbsp;<a style=\"color: #ffffff;\" title=\"M\u00fcnchen Moderation M\u00fcnchner Moderator Moderatorin aus M\u00fcnchen Moderatorin in M\u00fcnchen buchen Event Messe Gala Kongress und TV\" href=\"https:\/\/www.ilkagroenewold.de\/moderatorin-muenchen-moderation\/\" target=\"_blank\" rel=\"noopener noreferrer\">Munich<\/a> &#8211; <a style=\"color: #ffffff;\" title=\"K\u00f6ln Moderation K\u00f6lner Moderator Moderatorin aus K\u00f6ln Moderatorin in K\u00f6ln buchen Event Messe Gala Kongress und TV\" href=\"https:\/\/www.ilkagroenewold.de\/moderatorin-koeln-moderation\/\" target=\"_blank\" rel=\"noopener noreferrer\">Cologne<\/a> &#8211; <a style=\"color: #ffffff;\" title=\"Frankfurt Moderation Frankfurter Moderator Moderatorin aus Frankfurt Moderatorin in Frankfurt buchen Event Messe Gala Kongress und TV\" href=\"https:\/\/www.ilkagroenewold.de\/moderatorin-frankfurt-moderation\/\" target=\"_blank\" rel=\"noopener noreferrer\">Frankfurt<\/a> &#8211; <a style=\"color: #ffffff;\" title=\"Hannover Moderation Hannoveraner Moderator Moderatorin aus Hannover Moderatorin in Hannover buchen Event Messe Gala Kongress und TV\" href=\"https:\/\/www.ilkagroenewold.de\/moderatorin-hannover-moderation\/\" target=\"_blank\" rel=\"noopener noreferrer\">Hanover<\/a> &#8211; <a style=\"color: #ffffff;\" title=\"D\u00fcsseldorf Moderation D\u00fcsseldof Moderator Moderatorin aus D\u00fcsseldorf Moderatorin in D\u00fcsseldorf buchen Event Messe Gala Kongress und TV in D\u00fcsseldorf\" href=\"https:\/\/www.ilkagroenewold.de\/moderatorin-duesseldorf-moderation\/\" target=\"_blank\" rel=\"noopener noreferrer\">Dusseldorf<\/a> &#8211; <a style=\"color: #ffffff;\" title=\"Bremen Moderation Bremer Moderator Moderatorin aus Bremen Moderatorin in Bremen buchen Event Messe, Gala, Award, Preisverleihung, Summit, Kongress und TV\" href=\"https:\/\/www.ilkagroenewold.de\/moderatorin-bremen-moderation\/\" target=\"_blank\" rel=\"noopener noreferrer\">Bremen<\/a>&nbsp;&#8211; <a style=\"color: #ffffff;\" title=\"Dresden Moderation Dresdner Moderator Moderatorin aus Dresden Moderatorin in Dresden buchen Event Messe, Gala, Award, Preisverleihung, Summit, Kongress und TV\" href=\"https:\/\/www.ilkagroenewold.de\/moderatorin-dresden-moderation\/\" target=\"_blank\" rel=\"noopener noreferrer\">Dresden<\/a> &#8211; <a style=\"color: #ffffff;\" title=\"N\u00fcrnberg Moderation N\u00fcrnberger Moderator Moderatorin aus N\u00fcrnberg Moderatorin in N\u00fcrnberg buchen Event Messe, Gala, Award, Preisverleihung, Summit, Kongress und TV\" href=\"https:\/\/www.ilkagroenewold.de\/moderatorin-nuernberg-moderation\/\" target=\"_blank\" rel=\"noopener noreferrer\">Nuremberg<\/a> &#8211; <a style=\"color: #ffffff;\" title=\"Leipzig Moderation Leipziger Moderator Moderatorin aus Leipzig Moderatorin in Leipzig buchen Event Messe, Gala, Award, Preisverleihung, Summit, Kongress und TV\" href=\"https:\/\/www.ilkagroenewold.de\/moderatorin-leipzig-moderation\/\" target=\"_blank\" rel=\"noopener noreferrer\">Leipzig<\/a> &#8211; <a style=\"color: #ffffff;\" title=\"Moderator International fuer Event Messe, Gala, Award, Preisverleihung, Summit, Kongress und TV\" href=\"https:\/\/www.ilkagroenewold.de\/moderatorin-weltweit-moderation\/\" target=\"_blank\" rel=\"noopener noreferrer\">International<\/a><\/span><\/p>\n<p>[\/vc_column_text][\/vc_column][\/vc_row][vc_row css_animation=&#8221;&#8221; row_type=&#8221;row&#8221; use_row_as_full_screen_section=&#8221;no&#8221; type=&#8221;full_width&#8221; angled_section=&#8221;no&#8221; text_align=&#8221;left&#8221; background_image_as_pattern=&#8221;without_pattern&#8221; css=&#8221;.vc_custom_1616255673214{padding-top: 10px !important;padding-bottom: 10px !important;background-color: #b39a5d !important;}&#8221; z_index=&#8221;&#8221;][vc_column][vc_separator type=&#8221;transparent&#8221;][\/vc_column][\/vc_row]<\/p>\n<\/div>","protected":false},"excerpt":{"rendered":"<p>[vc_row css_animation=&#8221;&#8221; row_type=&#8221;row&#8221; use_row_as_full_screen_section=&#8221;no&#8221; type=&#8221;full_width&#8221; angled_section=&#8221;no&#8221; text_align=&#8221;left&#8221; background_image_as_pattern=&#8221;without_pattern&#8221; css=&#8221;.vc_custom_1509520939505{padding-top: 20px !important;padding-right: 32px !important;padding-left: 32px !important;background-color: #ffffff !important;}&#8221;][vc_column][vc_column_text]Here you will find a selection of references of the moderator or Ilka Groenewold. More than 19 years of experience and many enthusiastic clients speak for themselves. The complete&#8230;<\/p>\n","protected":false},"author":1,"featured_media":0,"parent":0,"menu_order":0,"comment_status":"open","ping_status":"open","template":"full_width.php","meta":{"ngg_post_thumbnail":0,"footnotes":""},"class_list":["post-332","page","type-page","status-publish","hentry"],"_links":{"self":[{"href":"https:\/\/www.ilkagroenewold.de\/en\/wp-json\/wp\/v2\/pages\/332","targetHints":{"allow":["GET"]}}],"collection":[{"href":"https:\/\/www.ilkagroenewold.de\/en\/wp-json\/wp\/v2\/pages"}],"about":[{"href":"https:\/\/www.ilkagroenewold.de\/en\/wp-json\/wp\/v2\/types\/page"}],"author":[{"embeddable":true,"href":"https:\/\/www.ilkagroenewold.de\/en\/wp-json\/wp\/v2\/users\/1"}],"replies":[{"embeddable":true,"href":"https:\/\/www.ilkagroenewold.de\/en\/wp-json\/wp\/v2\/comments?post=332"}],"version-history":[{"count":5,"href":"https:\/\/www.ilkagroenewold.de\/en\/wp-json\/wp\/v2\/pages\/332\/revisions"}],"predecessor-version":[{"id":20790,"href":"https:\/\/www.ilkagroenewold.de\/en\/wp-json\/wp\/v2\/pages\/332\/revisions\/20790"}],"wp:attachment":[{"href":"https:\/\/www.ilkagroenewold.de\/en\/wp-json\/wp\/v2\/media?parent=332"}],"curies":[{"name":"wp","href":"https:\/\/api.w.org\/{rel}","templated":true}]}}