{"id":235,"date":"2011-01-26T21:06:22","date_gmt":"2011-01-26T20:06:22","guid":{"rendered":"http:\/\/ilka-moderatorin.de\/?page_id=235"},"modified":"2024-07-23T00:27:16","modified_gmt":"2024-07-22T22:27:16","slug":"vita-english","status":"publish","type":"page","link":"https:\/\/www.ilkagroenewold.de\/en\/vita-english\/","title":{"rendered":"Vita Ilka Groenewold"},"content":{"rendered":"<div class=\"wpb-content-wrapper\"><p>[vc_row css_animation=&#8221;&#8221; row_type=&#8221;row&#8221; use_row_as_full_screen_section=&#8221;no&#8221; type=&#8221;full_width&#8221; angled_section=&#8221;no&#8221; text_align=&#8221;center&#8221; background_image_as_pattern=&#8221;without_pattern&#8221; z_index=&#8221;&#8221; css=&#8221;.vc_custom_1613665359485{padding-top: 10px !important;padding-bottom: 46px !important;}&#8221;][vc_column css_animation=&#8221;bounceInLeft&#8221; width=&#8221;1\/2&#8243; css=&#8221;.vc_custom_1613658757446{padding-left: 80px !important;}&#8221;][vc_single_image image=&#8221;21965&#8243; img_size=&#8221;400&#215;500&#8243; qode_css_animation=&#8221;&#8221;][\/vc_column][vc_column css_animation=&#8221;bounceInRight&#8221; width=&#8221;1\/2&#8243; css=&#8221;.vc_custom_1613658765288{padding-top: 40px !important;padding-right: 60px !important;}&#8221;][vc_column_text]<\/p>\n<h1 style=\"text-align: center;\"><strong><span style=\"color: #0b6466;\">&nbsp;<span style=\"color: #283a45;\"><a style=\"color: #283a45;\" title=\"a title=\u201eTV-Moderatorin Ilka Groenewold aus Hamburg ist Messemoderatorin Eventmoderatorin Galamoderatorin Kongressmoderatorin - deutschlandweit.\" href=\"https:\/\/www.ilkagroenewold.de\/\" target=\"_blank\" rel=\"noopener\">Moderator<\/a> for <a style=\"color: #283a45;\" title=\"a title=\u201eEvent-Moderatorin Ilka Groenewold aus Hamburg-Events moderieren, Eventmoderation.\" href=\"https:\/\/www.ilkagroenewold.de\/event-moderator-ilka-groenewold-event-moderatorin\/\" target=\"_blank\" rel=\"noopener\">event<\/a>, <a style=\"color: #283a45;\" title=\"a title=\u201eMessemoderation mit Messemoderatorin Ilka Groenewold, Messemoderator buchen.\" href=\"https:\/\/www.ilkagroenewold.de\/referenzen\/veranstaltungen\/messe-moderation-messe-moderatorin\/\" target=\"_blank\" rel=\"noopener\">trade fair<\/a>, <a style=\"color: #283a45;\" title=\"a title=\u201eGalamoderatorin Ilka Groenewold aus Hamburg - Galamoderation in Hamburg, Hannover, Berlin, Duesseldorf, Frankfurt, Nuernberg, Muenchen, Stuttgart.\" href=\"https:\/\/www.ilkagroenewold.de\/galamoderator-galamoderatorin-moderatorinfuergala\/\" target=\"_blank\" rel=\"noopener\">gala<\/a>, <a style=\"color: #283a45;\" title=\"a title=\u201eKongressmoderatorin Ilka Groenewold Kongress moderieren, Kongressmoderation.\" href=\"https:\/\/www.ilkagroenewold.de\/kongress-moderator-ilka-groenewold\/\" target=\"_blank\" rel=\"noopener\">congress<\/a>, <a style=\"color: #283a45;\" title=\"a title=\u201eOnline-Event Moderatorin, Hybrid-Event Moderatorin, Digital Event Moderatorin - deutschlandweit - Hamburg, Hannover, Berlin, Duesseldorf, Frankfurt, Mannheim Muenchen, Stuttgart.\" href=\"https:\/\/www.ilkagroenewold.de\/online-event-moderatorin\/\" target=\"_blank\" rel=\"noopener\">hybrid event<\/a> &amp;&nbsp;<a style=\"color: #283a45;\" title=\"a title=\u201eTV-Moderatorin Ilka Groenewold aus Hamburg.\" href=\"https:\/\/www.ilkagroenewold.de\/moderator-buchen-tv-moderatorin-imagefilm-reporterin-ilka-groenewold\/\" target=\"_blank\" rel=\"noopener\">TV<\/a>&nbsp;<\/span><\/span><\/strong><\/h1>\n<p>[\/vc_column_text][vc_separator type=&#8221;transparent&#8221;][vc_separator type=&#8221;transparent&#8221;][vc_separator type=&#8221;transparent&#8221;][vc_row_inner row_type=&#8221;row&#8221; type=&#8221;full_width&#8221; text_align=&#8221;left&#8221; css_animation=&#8221;&#8221;][vc_column_inner]<div class=\"q_counter_holder  center\" style=\"\" data-digit=\"8.500\"><span class=\"counter  random\" style=\"color: #283a45;font-size: 30px;font-weight: 600;\">8.500<\/span><p class=\"counter_text\" style=\"font-size: 20px;color: #b39a5d;\">Events<\/p><\/div><div class=\"q_counter_holder  center\" style=\"\" data-digit=\"3.800\"><span class=\"counter  random\" style=\"color: #283a45;font-size: 30px;font-weight: 600;\">3.800<\/span><p class=\"counter_text\" style=\"font-size: 20px;color: #b39a5d;\">On Air<\/p><\/div><div class=\"q_counter_holder  center\" style=\"\" data-digit=\"880\"><span class=\"counter  random\" style=\"color: #283a45;font-size: 30px;font-weight: 600;\">880<\/span><p class=\"counter_text\" style=\"font-size: 20px;color: #b39a5d;\">Coachings<\/p><\/div>[\/vc_column_inner][\/vc_row_inner][\/vc_column][\/vc_row][vc_row css_animation=&#8221;&#8221; row_type=&#8221;row&#8221; use_row_as_full_screen_section=&#8221;no&#8221; type=&#8221;full_width&#8221; angled_section=&#8221;yes&#8221; angled_section_position=&#8221;both&#8221; angled_section_direction=&#8221;from_left_to_right&#8221; text_align=&#8221;left&#8221; background_image_as_pattern=&#8221;without_pattern&#8221; css=&#8221;.vc_custom_1613689676156{padding-top: 32px !important;padding-bottom: 15px !important;background-color: #283a45 !important;}&#8221; z_index=&#8221;&#8221; background_color=&#8221;#283a45&#8243;][vc_column css=&#8221;.vc_custom_1613664761383{padding-right: 32px !important;padding-left: 32px !important;}&#8221;][vc_column_text css=&#8221;.vc_custom_1641597049824{padding-right: 32px !important;padding-left: 32px !important;}&#8221;]<\/p>\n<p style=\"text-align: center;\"><span style=\"color: #ffffff;\">Today, <strong><a style=\"color: #ffffff;\" title=\"Hamburger Moderatorin moderiert Gala Event TV Messe Konferenz Kongress Podiumsdiskussion\">Ilka Groenewold<\/a><\/strong>, a journalist by training, is attested to be a true all-round artist. However, the focus of her work is on the areas of<\/span><br \/>\n<span style=\"color: #ffffff;\">areas of <strong><a style=\"color: #ffffff;\" title=\"Messemoderatorin Galamoderatorin Kongressmoderatorin Eventmoderatorin in Hamburg Bremen Hannover Muenchen Stuttgart Frankfurt Berlin Mannheim\" href=\"https:\/\/www.ilkagroenewold.de\/\" target=\"_blank\" rel=\"noopener noreferrer\">moderation<\/a><\/strong> and <strong>coaching<\/strong>. Ilka has experience in <a style=\"color: #ffffff;\" title=\"Galamoderation Galamoderatorin Ilka Groenewold deutschlandweit englischsprachig und deutschsprachig\" href=\"https:\/\/www.ilkagroenewold.de\/galamoderator-galamoderatorin-moderatorinfuergala\/\" target=\"_blank\" rel=\"noopener noreferrer\">Gala-<\/a>,&nbsp;<a style=\"color: #ffffff;\" title=\"Messemoderator Messemoderation Messemoderatorin auf der Hannover Messe Berliner Messe Hamburger Messe Stuttgarter Messe Koeln Messe\" href=\"https:\/\/www.ilkagroenewold.de\/referenzen\/veranstaltungen\/messe-moderation-messe-moderatorin\/\" target=\"_blank\" rel=\"noopener noreferrer\">Messe-<\/a>,&nbsp;<a style=\"color: #ffffff;\" title=\"Kongressmoderator buchen Kongressmoderation Kongressmoderatorin Kongress Konferenzmoderatorin Deutschlandweit Bremen Berlin Hamburg Hannover Duesseldorf Koeln Stuttgart Muenchen Frankfurt\" href=\"https:\/\/www.ilkagroenewold.de\/kongress-moderator-ilka-groenewold\/\" target=\"_blank\" rel=\"noopener noreferrer\">Kongress-<\/a>,&nbsp;<a style=\"color: #ffffff;\" title=\"Awardmoderator Awardmoderation Awardmoderatorin aus Hamburg - deutschlandweit in Hannover, Berlin, Stuttgart, Bremen, Frankfurt, Koeln und Muenchen im Einsatz.\" href=\"https:\/\/www.ilkagroenewold.de\/award-moderator-ilka-groenewold\/\" target=\"_blank\" rel=\"noopener noreferrer\">Award-<\/a>,&nbsp;Seminar-,&nbsp;<a style=\"color: #ffffff;\" title=\"TV-Moderatorin Hamburg Einsatz als Reporterin Kongressmoderatorin Eventmoderatorin Galamoderatorin Messemoderatorin-deutschsprachig und englischsprachig.\" href=\"https:\/\/www.ilkagroenewold.de\/moderationdigitalisierungmoderatorbuchen\/\" target=\"_blank\" rel=\"noopener noreferrer\">Internet-<\/a>,&nbsp;<a style=\"color: #ffffff;\" title=\"TV- und Website-Moderation Moderatorin aus Hamburg Messemoderation Galamoderation Eventmoderation Konferenzmoderation Podiumsdiskussion.\" href=\"https:\/\/www.ilkagroenewold.de\/moderator-buchen-tv-moderatorin-imagefilm-reporterin-ilka-groenewold\/\" target=\"_blank\" rel=\"noopener noreferrer\">TV- und Website-Moderation<\/a>&nbsp; gala, trade fair, congress, award, seminar, internet, TV and website moderation. Both with children and young people, as well as with adults at high-profile events, where she is at eye level with executives. She is a woman who loves challenges and masters them with pleasure. And she does so &#8220;on stage&#8221; as well as editorially, in German as well as in English. Or in the best Frisian dialect. She is natural, warm-hearted and sensitive in dealing with her fellow human beings and always manages to turn a simple &#8220;small talk&#8221; into an entertaining conversation and to put a smile on people&#8217;s faces.<\/span><br \/>\n<span style=\"color: #ffffff;\">Today, <strong><a style=\"color: #ffffff;\" title=\"Ilka Groenewold - Ihre Moderatorin f\u00fcr Messe, Gala, TV, Event und Kongress.\">Ilka Groenewold<\/a><\/strong> can look back on more than <a style=\"color: #ffffff;\" title=\"1.800 Event Moderationen auf Veranstaltungen wie Podiumsdiskussionen Messen Galas Konferenzen Kongressen und Events\" href=\"https:\/\/www.ilkagroenewold.de\/referenzen\/veranstaltungen\/\" target=\"_blank\" rel=\"noopener noreferrer\">5.500 event presentations<\/a> in cities such as <a style=\"color: #ffffff;\" title=\"Hamburg Moderation Hamburger Moderator Moderatorin aus Hamburg Moderatorin in Hamburg buchen Event Messe Gala Kongress und TV\" href=\"https:\/\/www.ilkagroenewold.de\/moderatorin-hamburg-moderation\/\" target=\"_blank\" rel=\"noopener noreferrer\">Hamburg, <\/a><a style=\"color: #ffffff;\" title=\"Stuttgart Moderation Stuttgarter Moderator Moderatorin aus Stuttgart Moderatorin in Stuttgart buchen Event Messe Gala Kongress und TV\" href=\"https:\/\/www.ilkagroenewold.de\/moderatorin-stuttgart-moderation\/\" target=\"_blank\" rel=\"noopener noreferrer\">Stuttgart, <\/a><a style=\"color: #ffffff;\" title=\"Berlin Moderation Berliner Moderator Moderatorin aus Berlin Moderatorin in Berlin buchen Event Messe Gala Kongress und TV\" href=\"https:\/\/www.ilkagroenewold.de\/moderatorin-berlin-moderatorin\/\" target=\"_blank\" rel=\"noopener noreferrer\">Berlin, <\/a><a style=\"color: #ffffff;\" title=\"M\u00fcnchen Moderation M\u00fcnchner Moderator Moderatorin aus M\u00fcnchen Moderatorin in M\u00fcnchen buchen Event Messe Gala Kongress und TV\" href=\"https:\/\/www.ilkagroenewold.de\/moderatorin-muenchen-moderation\/\" target=\"_blank\" rel=\"noopener noreferrer\">Munich<\/a><a style=\"color: #ffffff;\" title=\"K\u00f6ln Moderation K\u00f6lner Moderator Moderatorin aus K\u00f6ln Moderatorin in K\u00f6ln buchen Event Messe Gala Kongress und TV\" href=\"https:\/\/www.ilkagroenewold.de\/moderatorin-koeln-moderation\/\" target=\"_blank\" rel=\"noopener noreferrer\">,<\/a> <a style=\"color: #ffffff;\" title=\"Frankfurt Moderation Frankfurter Moderator Moderatorin aus Frankfurt Moderatorin in Frankfurt buchen Event Messe Gala Kongress und TV\" href=\"https:\/\/www.ilkagroenewold.de\/moderatorin-frankfurt-moderation\/\" target=\"_blank\" rel=\"noopener noreferrer\">Frankfurt<\/a> and <a style=\"color: #ffffff;\" title=\"Hannover Moderation Hannoveraner Moderator Moderatorin aus Hannover Moderatorin in Hannover buchen Event Messe Gala Kongress und TV\" href=\"https:\/\/www.ilkagroenewold.de\/moderatorin-hannover-moderation\/\" target=\"_blank\" rel=\"noopener noreferrer\">Hanover<\/a> zur\u00fcck, on more than <a style=\"color: #ffffff;\" title=\"3.800 Stunden on Air bei TV Produktionen als Host Reporterin TV-Gesicht deutschsprachig und englischsprachig\" href=\"https:\/\/www.ilkagroenewold.de\/media\/\" target=\"_blank\" rel=\"noopener noreferrer\">3.800 hours on-air experience<\/a>&nbsp;and is perhaps already looking forward to realising the next event or production with you and turning it into a unique experience.<\/span><\/p>\n<p>[\/vc_column_text][vc_separator type=&#8221;transparent&#8221;][\/vc_column][\/vc_row][vc_row css_animation=&#8221;&#8221; row_type=&#8221;row&#8221; use_row_as_full_screen_section=&#8221;no&#8221; type=&#8221;full_width&#8221; angled_section=&#8221;no&#8221; text_align=&#8221;left&#8221; background_image_as_pattern=&#8221;without_pattern&#8221; css=&#8221;.vc_custom_1613678118695{padding-top: 60px !important;}&#8221; z_index=&#8221;&#8221;][vc_column]<div class=\"qode-workflow  qode-workflow-animate\">\n    <span class=\"main-line\" style=\"background-color:#283a45;\"><\/span>\n    <div class=\"qode-workflow-item\">\n    <span class=\"line\" style=\"background-color:#b39a5d;\"><\/span>\n    <div class=\"qode-workflow-item-inner \">\n        <div class=\"qode-workflow-image left\">\n                    <\/div>\n        <div class=\"qode-workflow-text\">\n            <span class=\"circle\" style=\"border-color:#b39a5d;background-color:#b39a5d;\"><\/span>\n                            <h2>Amerikanistik\/Journalismus<\/h2>\n                                        <h3 class=\"qode-workflow-subtitle\">University of Hamburg<\/h3>\n                                        <p class=\"text\">2012-2015, Bachelor of Arts<\/p>\n                    <\/div>\n    <\/div>\n<\/div><div class=\"qode-workflow-item\">\n    <span class=\"line\" style=\"background-color:#b39a5d;\"><\/span>\n    <div class=\"qode-workflow-item-inner \">\n        <div class=\"qode-workflow-image right\">\n                    <\/div>\n        <div class=\"qode-workflow-text\">\n            <span class=\"circle\" style=\"border-color:#b39a5d;background-color:#b39a5d;\"><\/span>\n                            <h2>Sportwissenschaften<\/h2>\n                                        <h3 class=\"qode-workflow-subtitle\">University of Hamburg<\/h3>\n                                        <p class=\"text\">2012-2015, Bachelor of Arts<\/p>\n                    <\/div>\n    <\/div>\n<\/div><div class=\"qode-workflow-item\">\n    <span class=\"line\" style=\"background-color:#b39a5d;\"><\/span>\n    <div class=\"qode-workflow-item-inner \">\n        <div class=\"qode-workflow-image center\">\n                    <\/div>\n        <div class=\"qode-workflow-text\">\n            <span class=\"circle\" style=\"border-color:#b39a5d;background-color:#b39a5d;\"><\/span>\n                            <h2>Musiktheater<\/h2>\n                                        <h3 class=\"qode-workflow-subtitle\">Hamburg School of Entertainment<\/h3>\n                                        <p class=\"text\">2005-2007, Training<\/p>\n                    <\/div>\n    <\/div>\n<\/div><div class=\"qode-workflow-item\">\n    <span class=\"line\" style=\"background-color:#b39a5d;\"><\/span>\n    <div class=\"qode-workflow-item-inner \">\n        <div class=\"qode-workflow-image center\">\n                    <\/div>\n        <div class=\"qode-workflow-text\">\n            <span class=\"circle\" style=\"border-color:#b39a5d;background-color:#b39a5d;\"><\/span>\n                            <h2>Moderation<\/h2>\n                                        <h3 class=\"qode-workflow-subtitle\">Radio Ostfriesland<\/h3>\n                                        <p class=\"text\">2003-2005, Volontariat<\/p>\n                    <\/div>\n    <\/div>\n<\/div><\/div>[\/vc_column][\/vc_row][vc_row css_animation=&#8221;&#8221; row_type=&#8221;row&#8221; use_row_as_full_screen_section=&#8221;no&#8221; type=&#8221;full_width&#8221; angled_section=&#8221;no&#8221; text_align=&#8221;left&#8221; background_image_as_pattern=&#8221;without_pattern&#8221; css=&#8221;.vc_custom_1613689294959{padding-top: 40px !important;padding-right: 32px !important;padding-bottom: 80px !important;padding-left: 32px !important;}&#8221; z_index=&#8221;&#8221;][vc_column css=&#8221;.vc_custom_1613692064505{padding-bottom: 32px !important;}&#8221;][vc_column_text css=&#8221;.vc_custom_1641597363047{margin-bottom: 32px !important;}&#8221;]<\/p>\n<p style=\"text-align: center;\"><span style=\"color: #ffffff;\"><strong><a style=\"color: #ffffff;\" title=\"Ilka Groenewold\">Ilka Groenewold<\/a><\/strong> was born on 6 March 1985 and started dancing in ballet classes at the tender age of three. She worked as a dance teacher for jazz and hip hop until 2005. In 2001, the TV station <strong>VIVA<\/strong> discovered the young talent and invited her to host the &#8220;McClip Show&#8221;. This was the final impulse for Ilka to pursue a stage career. She continued to take dance lessons, singing and piano lessons, workshops, castings etc.. Thus, after graduating from high school, the dream of a two-year training as a musical theatre performer in Hamburg could be realised. So the <strong>presenter<\/strong> likes to surprise the guests of a gala with a singing performance. Since 2001 she has successfully presented a wide variety of topics at <a style=\"color: #ffffff;\" title=\"\u201eTV-Moderatorin\" href=\"https:\/\/www.ilkagroenewold.de\/event-moderator-ilka-groenewold-event-moderatorin\/\" target=\"_blank\" rel=\"noopener noreferrer\"><strong>events<\/strong><\/a>, <a style=\"color: #ffffff;\" title=\"\u201eGala-Moderatorin\" href=\"https:\/\/www.ilkagroenewold.de\/galamoderator-galamoderatorin-moderatorinfuergala\/\" target=\"_blank\" rel=\"noopener noreferrer\"><strong>galas<\/strong><\/a>, <a style=\"color: #ffffff;\" title=\"\u201eAward-Moderatorin\" href=\"https:\/\/www.ilkagroenewold.de\/award-moderator-ilka-groenewold\/\" target=\"_blank\" rel=\"noopener noreferrer\"><strong>award ceremonies<\/strong><\/a>, <a style=\"color: #ffffff;\" title=\"\u201eKongressmoderatorin\" href=\"https:\/\/www.ilkagroenewold.de\/kongress-moderator-ilka-groenewold\/\" target=\"_blank\" rel=\"noopener noreferrer\"><strong>congresses<\/strong><\/a> oder <a style=\"color: #ffffff;\" title=\"\u201eMessemoderatorin\" href=\"https:\/\/www.ilkagroenewold.de\/referenzen\/veranstaltungen\/messe-moderation-messe-moderatorin\/\" target=\"_blank\" rel=\"noopener noreferrer\"><strong>trade fairs<\/strong><\/a>. And of course in <a style=\"color: #ffffff;\" title=\"\u201eTV-Moderatorin\" href=\"https:\/\/www.ilkagroenewold.de\/moderator-buchen-tv-moderatorin-imagefilm-reporterin-ilka-groenewold\/\" target=\"_blank\" rel=\"noopener noreferrer\"><strong>TV productions<\/strong><\/a>&nbsp;and live broadcasts. In 2012, Ilka started her &#8220;American Studies\/Anglistics and Movement Sciences&#8221; studies at the <strong>University of Hamburg<\/strong> (graduated in 2015) and accepted the title &#8220;Runner of the Year&#8221; from the DLV in the same year. In 2013, Ilka Groenewold was awarded the &#8220;<strong>Young Entrepreneur Award 2013<\/strong>&#8221; for her activities as a <strong>moderator<\/strong> and<strong> coach<\/strong>. Ilka Groenewold was born into the business world. Her parents are the second generation to run a <span style=\"line-height: 1.5;\"><a style=\"color: #ffffff;\" title=\"\u201eTV-Moderatorin\" href=\"http:\/\/www.ford-groenewold-leer.de\/\" target=\"_blank\" rel=\"noopener noreferrer\">car dealership<\/a><\/span> in East Frisia, her brother has an <span style=\"line-height: 1.5;\"><a style=\"color: #ffffff;\" title=\" deutschlandweite Moderation Hamburg, Hannover, Berlin, Duesseldorf, Frankfurt, Nuernberg, Muenchen, Stuttgart, Koeln, Mannheim,Bremen.\" href=\"https:\/\/groenewold-newmedia.de\/\" target=\"_blank\" rel=\"noopener noreferrer\">IT company<\/a><\/span> and is active in app development, which means Ilka has a great deal of interest and knowledge in both the automotive and IT sectors.<\/span><\/p>\n<p>[\/vc_column_text][\/vc_column][\/vc_row][vc_row css_animation=&#8221;&#8221; row_type=&#8221;row&#8221; use_row_as_full_screen_section=&#8221;no&#8221; type=&#8221;full_width&#8221; angled_section=&#8221;yes&#8221; angled_section_position=&#8221;both&#8221; angled_section_direction=&#8221;from_right_to_left&#8221; text_align=&#8221;left&#8221; background_image_as_pattern=&#8221;without_pattern&#8221; css=&#8221;.vc_custom_1613689708162{background-color: #283a45 !important;}&#8221; z_index=&#8221;&#8221; background_color=&#8221;#283a45&#8243;][vc_column][vc_separator type=&#8221;transparent&#8221;][\/vc_column][vc_column css_animation=&#8221;bounceInUp&#8221; width=&#8221;1\/2&#8243; css=&#8221;.vc_custom_1613738431926{padding-right: 32px !important;padding-bottom: 20px !important;padding-left: 32px !important;}&#8221;][vc_column_text css=&#8221;.vc_custom_1641573454178{padding-top: 15px !important;}&#8221;]<\/p>\n<h2 style=\"text-align: center;\"><span style=\"color: #b39a5d;\"><strong><a style=\"color: #b39a5d;\" title=\"Ausbildung\">Rhetoric Coaching<\/a><\/strong><\/span><\/h2>\n<p>[\/vc_column_text][vc_separator type=&#8221;small&#8221; position=&#8221;center&#8221; color=&#8221;#b39a5d&#8221;][vc_single_image image=&#8221;11376&#8243; img_size=&#8221;300&#215;300&#8243; alignment=&#8221;center&#8221; qode_css_animation=&#8221;&#8221; css=&#8221;.vc_custom_1613740007477{padding-bottom: 32px !important;}&#8221;][vc_column_text css=&#8221;.vc_custom_1641574262700{padding-right: 32px !important;padding-left: 32px !important;}&#8221;]<span style=\"color: #ffffff;\">Due to Ilka&#8217;s many years of experience as a <strong>presenter<\/strong>, both in front of the<strong> camera<\/strong> and on stage, it is a pleasure for her to pass on the experience and know-how to companies and other interested parties. Find your personal strengths together with her. This can be a coaching or a workshop &#8211; in a team or as an individual seminar. Learn to prepare effectively for talks, to enjoy your &#8220;performance&#8221; or even to make the microphone your best friend. You can find out more about <span style=\"line-height: 1.5;\"><strong>Ilka Groenewold`s <\/strong><\/span>coaching on her rhetoric page. You are welcome to contact the <a style=\"color: #ffffff;\" title=\"\u201eKontaktaufnahme\" href=\"http:\/\/www.coachilka.de\/kontakt\/\" target=\"_blank\" rel=\"noopener noreferrer\">rhetoric<\/a> trainer directly for your event or <a style=\"color: #ffffff;\" title=\"\u201eKontaktaufnahme\" href=\"https:\/\/www.ilkagroenewold.de\/en\/contact\/\" target=\"_blank\" rel=\"noopener noreferrer\">planned coaching<\/a>.<\/span>[\/vc_column_text][\/vc_column][vc_column css_animation=&#8221;bounceInUp&#8221; width=&#8221;1\/2&#8243; css=&#8221;.vc_custom_1613738445887{padding-right: 32px !important;padding-bottom: 20px !important;padding-left: 32px !important;}&#8221;][vc_column_text css=&#8221;.vc_custom_1641573472808{padding-top: 15px !important;}&#8221;]<\/p>\n<h2 style=\"text-align: center;\"><span style=\"color: #b39a5d;\"><strong><a style=\"color: #b39a5d;\" title=\"Laufcoaching\">Running coaching<\/a><\/strong><\/span><\/h2>\n<p>[\/vc_column_text][vc_separator type=&#8221;small&#8221; position=&#8221;center&#8221; color=&#8221;#b39a5d&#8221;][vc_single_image image=&#8221;11367&#8243; img_size=&#8221;300&#215;300&#8243; alignment=&#8221;center&#8221; qode_css_animation=&#8221;&#8221; css=&#8221;.vc_custom_1613740019334{padding-bottom: 32px !important;}&#8221;][vc_column_text css=&#8221;.vc_custom_1641597667979{padding-right: 32px !important;padding-left: 32px !important;}&#8221;]<span style=\"color: #ffffff;\">Ilka Groenewold, who studied <strong>sports science<\/strong> (Bachelor of Arts), was named &#8220;<strong>Runner of the Year<\/strong>&#8221; in 2012 by the German Athletics Association (DLV) and the website laufen.de. Running is an ideal way to switch off and recharge her batteries. <strong>Sportswoman<\/strong> Ilka Groenewold regularly gives talks on running, motivation, nutrition and the Way of St. James on board <a style=\"color: #ffffff;\" title=\"\u201eModeratorin\" href=\"https:\/\/www.aida.de\/kreuzfahrt\/reisen-mit-aida\/aidaplus\/workshops.28716.html\" target=\"_blank\" rel=\"noopener noreferrer\">AIDA<\/a> and MS EUROPA, among others. Nutrition and the Way of St. James (<a style=\"color: #ffffff;\" title=\"\u201eTV-Moderatorin\" href=\"https:\/\/www.youtube.com\/watch?v=8DP7hrIViPI&amp;t=1082s\" target=\"_blank\" rel=\"noopener noreferrer\">more about the Way of St. James lecture<\/a>). Would you like to learn more about Ilka&#8217;s sporting activities and successes? Follow her on <a style=\"color: #ffffff;\" title=\"\u201eInstagram\" href=\"https:\/\/www.instagram.com\/ilkagroenewold\/\" target=\"_blank\" rel=\"noopener noreferrer\">Instagram under Ilkagroenewold<\/a> and on Facebook under <a style=\"color: #ffffff;\" title=\"\u201eFacebook\" href=\"https:\/\/www.facebook.com\/ilkagroenewoldfitness\/\" target=\"_blank\" rel=\"noopener noreferrer\">Ilka Groenewold &#8211; Sportlerin<\/a>.<\/span>[\/vc_column_text][\/vc_column][\/vc_row][vc_row css_animation=&#8221;&#8221; row_type=&#8221;row&#8221; use_row_as_full_screen_section=&#8221;no&#8221; type=&#8221;full_width&#8221; angled_section=&#8221;no&#8221; text_align=&#8221;center&#8221; background_image_as_pattern=&#8221;without_pattern&#8221; css=&#8221;.vc_custom_1613692513393{margin-right: 20px !important;margin-left: 20px !important;padding-top: 80px !important;padding-bottom: 70px !important;}&#8221; z_index=&#8221;&#8221;][vc_column css=&#8221;.vc_custom_1613692546873{padding-top: 40px !important;}&#8221;][vc_column_text]<\/p>\n<h1 style=\"text-align: center;\"><a title=\"TV-Moderatorin Ilka Groenewold aus Hamburg ist Messemoderatorin Eventmoderatorin Galamoderatorin Kongressmoderatorin.\" href=\"https:\/\/www.ilkagroenewold.de\/event-moderator-ilka-groenewold-event-moderatorin\/\" target=\"_blank\" rel=\"noopener noreferrer\">Event Moderator<\/a>, <a title=\"Hamburger Moderatorin \u00fcbernimmt Messemoderation Eventmoderation Galamoderation Kongressmoderation deutschlandweit.\u201c href=\" href=\"https:\/\/www.ilkagroenewold.de\/galamoderator-galamoderatorin-moderatorinfuergala\/\" target=\"_blank\" rel=\"noopener noreferrer\">Gala Moderator<\/a>, <a title=\"Moderatorin aus Hamburg ist Messemoderatorin Eventmoderatorin Galamoderatorin Kongressmoderatorin deutsch- und englischsprachig.\u201c href=\" href=\"https:\/\/www.ilkagroenewold.de\/referenzen\/veranstaltungen\/messe-moderation-messe-moderatorin\/\" target=\"_blank\" rel=\"noopener noreferrer\">Trade Fair Moderator<\/a><\/h1>\n<p style=\"text-align: center;\">&nbsp;<\/p>\n<p style=\"text-align: center;\">&nbsp;<\/p>\n<h3 style=\"text-align: center;\"><span style=\"color: #808080;\">BOOK ILKA GROENEWOLD <\/span><span style=\"color: #808080;\"><a title=\"Moderator buchen Hamburg Bremen Hannover Koeln Berlin Stuttgart fuer Messe Gala Kongress Event.\u201c href=\" href=\"https:\/\/www.ilkagroenewold.de\/\" target=\"_blank\" rel=\"noopener noreferrer\"><span style=\"color: #b39a5d;\">Ilka Groenewold<\/span><\/a><\/span><span style=\"color: #808080;\"> AS YOUR PRESENTER AND LET YOUR EVENT BECOME SOMETHING VERY SPECIAL. I LOOK FORWARD TO YOUR ENQUIRY AND WILL GET BACK TO YOU WITHIN A FEW HOURS BY E-MAIL OR TELEPHONE.<\/span><\/h3>\n<p>&nbsp;[\/vc_column_text]<a  itemprop=\"url\" href=\"\/kontakt\/\" target=\"_self\"  class=\"qbutton  medium center default\" style=\"border-color: #0b6466; \">NON-BINDING REQUEST<\/a>[\/vc_column][\/vc_row][vc_row css_animation=&#8221;&#8221; row_type=&#8221;row&#8221; use_row_as_full_screen_section=&#8221;no&#8221; type=&#8221;full_width&#8221; angled_section=&#8221;yes&#8221; angled_section_position=&#8221;top&#8221; angled_section_direction=&#8221;from_right_to_left&#8221; text_align=&#8221;left&#8221; background_image_as_pattern=&#8221;without_pattern&#8221; css=&#8221;.vc_custom_1640628526917{margin-top: 32px !important;background-color: #283a45 !important;}&#8221; z_index=&#8221;&#8221; background_color=&#8221;#283a45&#8243;][vc_column][vc_separator type=&#8221;transparent&#8221;][vc_column_text css=&#8221;.vc_custom_1641573548792{margin-bottom: 32px !important;}&#8221;]<\/p>\n<h3 style=\"text-align: center;\"><span style=\"color: #ffffff;\">YOU CAN ALSO FIND ME ON<\/span><\/h3>\n<h3 style=\"text-align: center;\">&nbsp;<\/h3>\n<h3 style=\"text-align: center;\"><span style=\"color: #b39a5d;\"><a style=\"color: #b39a5d;\" title=\"XING Profig von Messemoderatorin Galamoderatorin Eventmoderatorin Kongressmoderatorin\" href=\"https:\/\/www.xing.com\/profile\/Ilka_Groenewold\" target=\"_blank\" rel=\"noopener noreferrer\">XING<\/a>, <a style=\"color: #b39a5d;\" title=\"\u201eLinkedin Profil von Gala TV Messe Kongress Event Moderation aus Hamburg\" href=\"https:\/\/www.linkedin.com\/in\/ilkagroenewold\/\" target=\"_blank\" rel=\"noopener noreferrer\"> Linkedin<\/a>, <a style=\"color: #b39a5d;\" title=\"Facebook Profil der englischsprachigen Moderatorin fuer Gala Messe Kongress TV und Event\" href=\"https:\/\/www.facebook.com\/ModeratorinIlkaGroenewold\" target=\"_blank\" rel=\"noopener noreferrer\">Facebook<\/a>, <a style=\"color: #b39a5d;\" title=\"Youtube Channel der Reporterin und Moderatorin aus Hamburg fuer Event Veranstaltungen Messe Kongress Gala\" href=\"http:\/\/www.youtube.com\/user\/GroenewoldIlka?feature=mhee\" target=\"_blank\" rel=\"noopener noreferrer\"> Youtube<\/a>, <a style=\"color: #b39a5d;\" title=\"Twitter Account von Moderator fuer Messe und Event in Mannheim Frankfurt Berlin Stuttgart\" href=\"http:\/\/twitter.com\/#!\/ModeratorinIlka\" target=\"_blank\" rel=\"noopener noreferrer\"> Twitter<\/a>, <a style=\"color: #b39a5d;\" title=\"Pinterest Account von Moderatorin fuer Award Preisverleihung Kongress Konferenz Messe und Event in Mannheim Frankfurt Berlin Bremen Stuttgart\" href=\"https:\/\/www.pinterest.de\/ModeratorinIlkaGroenewold\/\" target=\"_blank\" rel=\"noopener noreferrer\">Pinterest<\/a>, <a style=\"color: #b39a5d;\" title=\"Spotify Account von Hamburger Moderatorin und Sportlerin Ilka Groenewold Sportmoderatorin Hamburg Sportmoderation\" href=\"https:\/\/open.spotify.com\/show\/7xegF89MgTbuCC8BRp55gt\" target=\"_blank\" rel=\"noopener noreferrer\">Spotify<\/a>, <a style=\"color: #b39a5d;\" title=\"Instagram Account der Sportlerin und Moderatorin aus Hamburg - deutschlandweit fuer Messe, Gala und TV im Einsatz\" href=\"https:\/\/www.instagram.com\/ilkagroenewold\/\" target=\"_blank\" rel=\"noopener noreferrer\">Instagram<\/a>, <a style=\"color: #b39a5d;\" title=\"Hamburger Moderatorin Ilka Groenewold auf Wikipedia, Wikipedia Eintrag der Hamburger Moderatorin Ilka Groenewold\" href=\"https:\/\/en.wikipedia.org\/wiki\/Ilka_Groenewold\" target=\"_blank\" rel=\"noopener\">Wikipedia, <\/a><\/span><a style=\"color: #b39a5d;\" title=\"Hamburger Moderatorin Ilka Groenewold auf Google, Google mybusiness Eintrag der Hamburger Moderatorin Ilka Groenewold\" href=\"https:\/\/www.google.de\/search?hl=de&amp;_ga=2.42989157.1970046615.1638098294-1338769441.1606070157&amp;q=Moderatorin+Ilka+Groenewold+I+Gala,+Messe,+Award,+Hybridevent+und+TV&amp;ludocid=4189975514993154112&amp;lsig=AB86z5V-2KvrM-1D7hxP1AY6z_lB\" target=\"_blank\" rel=\"noopener\">Google<\/a><\/h3>\n<p>[\/vc_column_text][vc_separator type=&#8221;transparent&#8221;][\/vc_column][\/vc_row][vc_row css_animation=&#8221;&#8221; row_type=&#8221;row&#8221; use_row_as_full_screen_section=&#8221;no&#8221; type=&#8221;full_width&#8221; angled_section=&#8221;no&#8221; text_align=&#8221;left&#8221; background_image_as_pattern=&#8221;without_pattern&#8221; css=&#8221;.vc_custom_1613689783076{background-color: #b39a5d !important;}&#8221; z_index=&#8221;&#8221;][vc_column][vc_separator type=&#8221;transparent&#8221;][vc_separator type=&#8221;transparent&#8221;][\/vc_column][\/vc_row]<\/p>\n<\/div>","protected":false},"excerpt":{"rendered":"<p>[vc_row css_animation=&#8221;&#8221; row_type=&#8221;row&#8221; use_row_as_full_screen_section=&#8221;no&#8221; type=&#8221;full_width&#8221; angled_section=&#8221;no&#8221; text_align=&#8221;center&#8221; background_image_as_pattern=&#8221;without_pattern&#8221; z_index=&#8221;&#8221; css=&#8221;.vc_custom_1613665359485{padding-top: 10px !important;padding-bottom: 46px !important;}&#8221;][vc_column css_animation=&#8221;bounceInLeft&#8221; width=&#8221;1\/2&#8243; css=&#8221;.vc_custom_1613658757446{padding-left: 80px !important;}&#8221;][vc_single_image image=&#8221;21965&#8243; img_size=&#8221;400&#215;500&#8243; qode_css_animation=&#8221;&#8221;][\/vc_column][vc_column css_animation=&#8221;bounceInRight&#8221; width=&#8221;1\/2&#8243; css=&#8221;.vc_custom_1613658765288{padding-top: 40px !important;padding-right: 60px !important;}&#8221;][vc_column_text] &nbsp;Moderator for event, trade fair, gala, congress, hybrid event &amp;&nbsp;TV&nbsp; [\/vc_column_text][vc_separator type=&#8221;transparent&#8221;][vc_separator type=&#8221;transparent&#8221;][vc_separator type=&#8221;transparent&#8221;][vc_row_inner row_type=&#8221;row&#8221; type=&#8221;full_width&#8221;&#8230;<\/p>\n","protected":false},"author":1,"featured_media":0,"parent":0,"menu_order":0,"comment_status":"open","ping_status":"open","template":"full_width.php","meta":{"ngg_post_thumbnail":0,"footnotes":""},"class_list":["post-235","page","type-page","status-publish","hentry"],"_links":{"self":[{"href":"https:\/\/www.ilkagroenewold.de\/en\/wp-json\/wp\/v2\/pages\/235","targetHints":{"allow":["GET"]}}],"collection":[{"href":"https:\/\/www.ilkagroenewold.de\/en\/wp-json\/wp\/v2\/pages"}],"about":[{"href":"https:\/\/www.ilkagroenewold.de\/en\/wp-json\/wp\/v2\/types\/page"}],"author":[{"embeddable":true,"href":"https:\/\/www.ilkagroenewold.de\/en\/wp-json\/wp\/v2\/users\/1"}],"replies":[{"embeddable":true,"href":"https:\/\/www.ilkagroenewold.de\/en\/wp-json\/wp\/v2\/comments?post=235"}],"version-history":[{"count":5,"href":"https:\/\/www.ilkagroenewold.de\/en\/wp-json\/wp\/v2\/pages\/235\/revisions"}],"predecessor-version":[{"id":19782,"href":"https:\/\/www.ilkagroenewold.de\/en\/wp-json\/wp\/v2\/pages\/235\/revisions\/19782"}],"wp:attachment":[{"href":"https:\/\/www.ilkagroenewold.de\/en\/wp-json\/wp\/v2\/media?parent=235"}],"curies":[{"name":"wp","href":"https:\/\/api.w.org\/{rel}","templated":true}]}}